{"id":1123,"date":"2022-11-22T14:27:42","date_gmt":"2022-11-22T13:27:42","guid":{"rendered":"https:\/\/fwallschwil.ch\/WPNew\/?page_id=1123"},"modified":"2023-10-01T21:10:58","modified_gmt":"2023-10-01T19:10:58","slug":"caesar-7","status":"publish","type":"page","link":"https:\/\/fwallschwil.ch\/WPNew\/caesar-7\/","title":{"rendered":"C\u00e4sar 7"},"content":{"rendered":"\t\t<div data-elementor-type=\"wp-page\" data-elementor-id=\"1123\" class=\"elementor elementor-1123\">\n\t\t\t\t\t\t<section class=\"elementor-section elementor-top-section elementor-element elementor-element-d2c3465 elementor-section-boxed elementor-section-height-default elementor-section-height-default\" data-id=\"d2c3465\" data-element_type=\"section\">\n\t\t\t\t\t\t<div class=\"elementor-container elementor-column-gap-default\">\n\t\t\t\t\t<div class=\"elementor-column elementor-col-100 elementor-top-column elementor-element elementor-element-53fe23b\" data-id=\"53fe23b\" data-element_type=\"column\">\n\t\t\t<div class=\"elementor-widget-wrap elementor-element-populated\">\n\t\t\t\t\t\t<div class=\"elementor-element elementor-element-2d0cca9 elementor-widget elementor-widget-text-editor\" data-id=\"2d0cca9\" data-element_type=\"widget\" data-widget_type=\"text-editor.default\">\n\t\t\t\t<div class=\"elementor-widget-container\">\n\t\t\t\t\t\t\t\t\t<p style=\"text-align: center;\"><a href=\"https:\/\/fwallschwil.ch\/WPNew\/caesar-6\/\">C\u00e4sar 6<\/a> | <a href=\"https:\/\/fwallschwil.ch\/WPNew\/fahrzeuge\/\">Fahrzeuge<\/a> |\u00a0<a href=\"https:\/\/fwallschwil.ch\/WPNew\/caesar-8\/\">C\u00e4sar 8<\/a><\/p>\t\t\t\t\t\t\t\t<\/div>\n\t\t\t\t<\/div>\n\t\t\t\t<div class=\"elementor-element elementor-element-7e67624 elementor-widget elementor-widget-text-editor\" data-id=\"7e67624\" data-element_type=\"widget\" data-widget_type=\"text-editor.default\">\n\t\t\t\t<div class=\"elementor-widget-container\">\n\t\t\t\t\t\t\t\t\t<h3 style=\"text-align: center;\"><strong>C\u00e4sar 7 | Mannschaftsfahrzeug<\/strong><\/h3>\t\t\t\t\t\t\t\t<\/div>\n\t\t\t\t<\/div>\n\t\t\t\t<div class=\"elementor-element elementor-element-fe3f20b elementor-widget elementor-widget-image\" data-id=\"fe3f20b\" data-element_type=\"widget\" data-widget_type=\"image.default\">\n\t\t\t\t<div class=\"elementor-widget-container\">\n\t\t\t\t\t\t\t\t\t\t\t\t\t\t\t<img fetchpriority=\"high\" decoding=\"async\" width=\"448\" height=\"299\" src=\"https:\/\/fwallschwil.ch\/WPNew\/wp-content\/uploads\/2023\/10\/850_0269.jpg\" class=\"attachment-medium_large size-medium_large wp-image-2153\" alt=\"\" srcset=\"https:\/\/fwallschwil.ch\/WPNew\/wp-content\/uploads\/2023\/10\/850_0269.jpg 448w, https:\/\/fwallschwil.ch\/WPNew\/wp-content\/uploads\/2023\/10\/850_0269-300x200.jpg 300w\" sizes=\"(max-width: 448px) 100vw, 448px\" \/>\t\t\t\t\t\t\t\t\t\t\t\t\t\t\t<\/div>\n\t\t\t\t<\/div>\n\t\t\t\t<div class=\"elementor-element elementor-element-588f22b elementor-widget elementor-widget-text-editor\" data-id=\"588f22b\" data-element_type=\"widget\" data-widget_type=\"text-editor.default\">\n\t\t\t\t<div class=\"elementor-widget-container\">\n\t\t\t\t\t\t\t\t\t<p style=\"text-align: center;\">Baujahr:<br \/>L\u00e4nge:<br \/>Breite:<br \/>H\u00f6he:<br \/>Gesamtgewicht:<br \/>Fahrgestell:<br \/>Chassis:<br \/>Motor: <br \/>Leistung: <\/p>\t\t\t\t\t\t\t\t<\/div>\n\t\t\t\t<\/div>\n\t\t\t\t\t<\/div>\n\t\t<\/div>\n\t\t\t\t\t<\/div>\n\t\t<\/section>\n\t\t\t\t<section class=\"elementor-section elementor-top-section elementor-element elementor-element-9a8d427 elementor-section-boxed elementor-section-height-default elementor-section-height-default\" data-id=\"9a8d427\" data-element_type=\"section\">\n\t\t\t\t\t\t<div class=\"elementor-container elementor-column-gap-default\">\n\t\t\t\t\t<div class=\"elementor-column elementor-col-100 elementor-top-column elementor-element elementor-element-d71786d\" data-id=\"d71786d\" data-element_type=\"column\">\n\t\t\t<div class=\"elementor-widget-wrap elementor-element-populated\">\n\t\t\t\t\t\t<div class=\"elementor-element elementor-element-ca6759b elementor-arrows-position-inside elementor-pagination-position-outside elementor-widget elementor-widget-image-carousel\" data-id=\"ca6759b\" data-element_type=\"widget\" data-settings=\"{&quot;navigation&quot;:&quot;both&quot;,&quot;autoplay&quot;:&quot;yes&quot;,&quot;pause_on_hover&quot;:&quot;yes&quot;,&quot;pause_on_interaction&quot;:&quot;yes&quot;,&quot;autoplay_speed&quot;:5000,&quot;infinite&quot;:&quot;yes&quot;,&quot;speed&quot;:500}\" data-widget_type=\"image-carousel.default\">\n\t\t\t\t<div class=\"elementor-widget-container\">\n\t\t\t\t\t\t\t<div class=\"elementor-image-carousel-wrapper swiper\" role=\"region\" aria-roledescription=\"carousel\" aria-label=\"Bild Karussell\" dir=\"ltr\">\n\t\t\t<div class=\"elementor-image-carousel swiper-wrapper\" aria-live=\"off\">\n\t\t\t\t\t\t\t\t<div class=\"swiper-slide\" role=\"group\" aria-roledescription=\"slide\" aria-label=\"1 von 5\"><figure class=\"swiper-slide-inner\"><img decoding=\"async\" class=\"swiper-slide-image\" src=\"https:\/\/fwallschwil.ch\/WPNew\/wp-content\/uploads\/2023\/10\/850_0269-150x150.jpg\" alt=\"850_0269\" \/><\/figure><\/div><div class=\"swiper-slide\" role=\"group\" aria-roledescription=\"slide\" aria-label=\"2 von 5\"><figure class=\"swiper-slide-inner\"><img decoding=\"async\" class=\"swiper-slide-image\" src=\"https:\/\/fwallschwil.ch\/WPNew\/wp-content\/uploads\/2023\/10\/850_0332-150x150.jpg\" alt=\"850_0332\" \/><\/figure><\/div><div class=\"swiper-slide\" role=\"group\" aria-roledescription=\"slide\" aria-label=\"3 von 5\"><figure class=\"swiper-slide-inner\"><img decoding=\"async\" class=\"swiper-slide-image\" src=\"https:\/\/fwallschwil.ch\/WPNew\/wp-content\/uploads\/2023\/10\/850_0330-150x150.jpg\" alt=\"850_0330\" \/><\/figure><\/div><div class=\"swiper-slide\" role=\"group\" aria-roledescription=\"slide\" aria-label=\"4 von 5\"><figure class=\"swiper-slide-inner\"><img decoding=\"async\" class=\"swiper-slide-image\" src=\"https:\/\/fwallschwil.ch\/WPNew\/wp-content\/uploads\/2023\/10\/850_0334-150x150.jpg\" alt=\"850_0334\" \/><\/figure><\/div><div class=\"swiper-slide\" role=\"group\" aria-roledescription=\"slide\" aria-label=\"5 von 5\"><figure class=\"swiper-slide-inner\"><img decoding=\"async\" class=\"swiper-slide-image\" src=\"https:\/\/fwallschwil.ch\/WPNew\/wp-content\/uploads\/2023\/10\/850_0327-150x150.jpg\" alt=\"850_0327\" \/><\/figure><\/div>\t\t\t<\/div>\n\t\t\t\t\t\t\t\t\t\t\t\t<div class=\"elementor-swiper-button elementor-swiper-button-prev\" role=\"button\" tabindex=\"0\">\n\t\t\t\t\t\t<i aria-hidden=\"true\" class=\"eicon-chevron-left\"><\/i>\t\t\t\t\t<\/div>\n\t\t\t\t\t<div class=\"elementor-swiper-button elementor-swiper-button-next\" role=\"button\" tabindex=\"0\">\n\t\t\t\t\t\t<i aria-hidden=\"true\" class=\"eicon-chevron-right\"><\/i>\t\t\t\t\t<\/div>\n\t\t\t\t\n\t\t\t\t\t\t\t\t\t<div class=\"swiper-pagination\"><\/div>\n\t\t\t\t\t\t\t\t\t<\/div>\n\t\t\t\t\t\t<\/div>\n\t\t\t\t<\/div>\n\t\t\t\t\t<\/div>\n\t\t<\/div>\n\t\t\t\t\t<\/div>\n\t\t<\/section>\n\t\t\t\t<\/div>\n\t\t","protected":false},"excerpt":{"rendered":"<p>C\u00e4sar 6 | Fahrzeuge |\u00a0C\u00e4sar 8 C\u00e4sar 7 | Mannschaftsfahrzeug Baujahr:L\u00e4nge:Breite:H\u00f6he:Gesamtgewicht:Fahrgestell:Chassis:Motor: Leistung:<\/p>\n","protected":false},"author":3,"featured_media":0,"parent":0,"menu_order":0,"comment_status":"closed","ping_status":"closed","template":"","meta":{"footnotes":""},"class_list":["post-1123","page","type-page","status-publish","hentry"],"yoast_head":"<!-- This site is optimized with the Yoast SEO plugin v26.2 - https:\/\/yoast.com\/wordpress\/plugins\/seo\/ -->\n<title>C\u00e4sar 7 - Feuerwehr Allschwil-Sch\u00f6nenbuch<\/title>\n<meta name=\"robots\" content=\"index, follow, max-snippet:-1, max-image-preview:large, max-video-preview:-1\" \/>\n<link rel=\"canonical\" href=\"https:\/\/fwallschwil.ch\/WPNew\/caesar-7\/\" \/>\n<meta property=\"og:locale\" content=\"de_DE\" \/>\n<meta property=\"og:type\" content=\"article\" \/>\n<meta property=\"og:title\" content=\"C\u00e4sar 7 - Feuerwehr Allschwil-Sch\u00f6nenbuch\" \/>\n<meta property=\"og:description\" content=\"C\u00e4sar 6 | Fahrzeuge |\u00a0C\u00e4sar 8 C\u00e4sar 7 | Mannschaftsfahrzeug Baujahr:L\u00e4nge:Breite:H\u00f6he:Gesamtgewicht:Fahrgestell:Chassis:Motor: Leistung:\" \/>\n<meta property=\"og:url\" content=\"https:\/\/fwallschwil.ch\/WPNew\/caesar-7\/\" \/>\n<meta property=\"og:site_name\" content=\"Feuerwehr Allschwil-Sch\u00f6nenbuch\" \/>\n<meta property=\"article:modified_time\" content=\"2023-10-01T19:10:58+00:00\" \/>\n<meta property=\"og:image\" content=\"https:\/\/fwallschwil.ch\/WPNew\/wp-content\/uploads\/2023\/10\/850_0269.jpg\" \/>\n<meta name=\"twitter:card\" content=\"summary_large_image\" \/>\n<script type=\"application\/ld+json\" class=\"yoast-schema-graph\">{\"@context\":\"https:\/\/schema.org\",\"@graph\":[{\"@type\":\"WebPage\",\"@id\":\"https:\/\/fwallschwil.ch\/WPNew\/caesar-7\/\",\"url\":\"https:\/\/fwallschwil.ch\/WPNew\/caesar-7\/\",\"name\":\"C\u00e4sar 7 - Feuerwehr Allschwil-Sch\u00f6nenbuch\",\"isPartOf\":{\"@id\":\"https:\/\/fwallschwil.ch\/WPNew\/#website\"},\"primaryImageOfPage\":{\"@id\":\"https:\/\/fwallschwil.ch\/WPNew\/caesar-7\/#primaryimage\"},\"image\":{\"@id\":\"https:\/\/fwallschwil.ch\/WPNew\/caesar-7\/#primaryimage\"},\"thumbnailUrl\":\"https:\/\/fwallschwil.ch\/WPNew\/wp-content\/uploads\/2023\/10\/850_0269.jpg\",\"datePublished\":\"2022-11-22T13:27:42+00:00\",\"dateModified\":\"2023-10-01T19:10:58+00:00\",\"breadcrumb\":{\"@id\":\"https:\/\/fwallschwil.ch\/WPNew\/caesar-7\/#breadcrumb\"},\"inLanguage\":\"de\",\"potentialAction\":[{\"@type\":\"ReadAction\",\"target\":[\"https:\/\/fwallschwil.ch\/WPNew\/caesar-7\/\"]}]},{\"@type\":\"ImageObject\",\"inLanguage\":\"de\",\"@id\":\"https:\/\/fwallschwil.ch\/WPNew\/caesar-7\/#primaryimage\",\"url\":\"https:\/\/fwallschwil.ch\/WPNew\/wp-content\/uploads\/2023\/10\/850_0269.jpg\",\"contentUrl\":\"https:\/\/fwallschwil.ch\/WPNew\/wp-content\/uploads\/2023\/10\/850_0269.jpg\",\"width\":448,\"height\":299},{\"@type\":\"BreadcrumbList\",\"@id\":\"https:\/\/fwallschwil.ch\/WPNew\/caesar-7\/#breadcrumb\",\"itemListElement\":[{\"@type\":\"ListItem\",\"position\":1,\"name\":\"Startseite\",\"item\":\"https:\/\/fwallschwil.ch\/WPNew\/\"},{\"@type\":\"ListItem\",\"position\":2,\"name\":\"C\u00e4sar 7\"}]},{\"@type\":\"WebSite\",\"@id\":\"https:\/\/fwallschwil.ch\/WPNew\/#website\",\"url\":\"https:\/\/fwallschwil.ch\/WPNew\/\",\"name\":\"Feuerwehr Allschwil-Sch\u00f6nenbuch\",\"description\":\"Die Webseite der Feuerwehr Allschwil-Sch\u00f6nenbuch\",\"publisher\":{\"@id\":\"https:\/\/fwallschwil.ch\/WPNew\/#organization\"},\"potentialAction\":[{\"@type\":\"SearchAction\",\"target\":{\"@type\":\"EntryPoint\",\"urlTemplate\":\"https:\/\/fwallschwil.ch\/WPNew\/?s={search_term_string}\"},\"query-input\":{\"@type\":\"PropertyValueSpecification\",\"valueRequired\":true,\"valueName\":\"search_term_string\"}}],\"inLanguage\":\"de\"},{\"@type\":\"Organization\",\"@id\":\"https:\/\/fwallschwil.ch\/WPNew\/#organization\",\"name\":\"Feuerwehr Allschwil-Sch\u00f6nenbuch\",\"url\":\"https:\/\/fwallschwil.ch\/WPNew\/\",\"logo\":{\"@type\":\"ImageObject\",\"inLanguage\":\"de\",\"@id\":\"https:\/\/fwallschwil.ch\/WPNew\/#\/schema\/logo\/image\/\",\"url\":\"https:\/\/fwallschwil.ch\/WPNew\/wp-content\/uploads\/2022\/04\/850_0019-copy.jpg\",\"contentUrl\":\"https:\/\/fwallschwil.ch\/WPNew\/wp-content\/uploads\/2022\/04\/850_0019-copy.jpg\",\"width\":120,\"height\":90,\"caption\":\"Feuerwehr Allschwil-Sch\u00f6nenbuch\"},\"image\":{\"@id\":\"https:\/\/fwallschwil.ch\/WPNew\/#\/schema\/logo\/image\/\"}}]}<\/script>\n<!-- \/ Yoast SEO plugin. -->","yoast_head_json":{"title":"C\u00e4sar 7 - Feuerwehr Allschwil-Sch\u00f6nenbuch","robots":{"index":"index","follow":"follow","max-snippet":"max-snippet:-1","max-image-preview":"max-image-preview:large","max-video-preview":"max-video-preview:-1"},"canonical":"https:\/\/fwallschwil.ch\/WPNew\/caesar-7\/","og_locale":"de_DE","og_type":"article","og_title":"C\u00e4sar 7 - Feuerwehr Allschwil-Sch\u00f6nenbuch","og_description":"C\u00e4sar 6 | Fahrzeuge |\u00a0C\u00e4sar 8 C\u00e4sar 7 | Mannschaftsfahrzeug Baujahr:L\u00e4nge:Breite:H\u00f6he:Gesamtgewicht:Fahrgestell:Chassis:Motor: Leistung:","og_url":"https:\/\/fwallschwil.ch\/WPNew\/caesar-7\/","og_site_name":"Feuerwehr Allschwil-Sch\u00f6nenbuch","article_modified_time":"2023-10-01T19:10:58+00:00","og_image":[{"url":"https:\/\/fwallschwil.ch\/WPNew\/wp-content\/uploads\/2023\/10\/850_0269.jpg","type":"","width":"","height":""}],"twitter_card":"summary_large_image","schema":{"@context":"https:\/\/schema.org","@graph":[{"@type":"WebPage","@id":"https:\/\/fwallschwil.ch\/WPNew\/caesar-7\/","url":"https:\/\/fwallschwil.ch\/WPNew\/caesar-7\/","name":"C\u00e4sar 7 - Feuerwehr Allschwil-Sch\u00f6nenbuch","isPartOf":{"@id":"https:\/\/fwallschwil.ch\/WPNew\/#website"},"primaryImageOfPage":{"@id":"https:\/\/fwallschwil.ch\/WPNew\/caesar-7\/#primaryimage"},"image":{"@id":"https:\/\/fwallschwil.ch\/WPNew\/caesar-7\/#primaryimage"},"thumbnailUrl":"https:\/\/fwallschwil.ch\/WPNew\/wp-content\/uploads\/2023\/10\/850_0269.jpg","datePublished":"2022-11-22T13:27:42+00:00","dateModified":"2023-10-01T19:10:58+00:00","breadcrumb":{"@id":"https:\/\/fwallschwil.ch\/WPNew\/caesar-7\/#breadcrumb"},"inLanguage":"de","potentialAction":[{"@type":"ReadAction","target":["https:\/\/fwallschwil.ch\/WPNew\/caesar-7\/"]}]},{"@type":"ImageObject","inLanguage":"de","@id":"https:\/\/fwallschwil.ch\/WPNew\/caesar-7\/#primaryimage","url":"https:\/\/fwallschwil.ch\/WPNew\/wp-content\/uploads\/2023\/10\/850_0269.jpg","contentUrl":"https:\/\/fwallschwil.ch\/WPNew\/wp-content\/uploads\/2023\/10\/850_0269.jpg","width":448,"height":299},{"@type":"BreadcrumbList","@id":"https:\/\/fwallschwil.ch\/WPNew\/caesar-7\/#breadcrumb","itemListElement":[{"@type":"ListItem","position":1,"name":"Startseite","item":"https:\/\/fwallschwil.ch\/WPNew\/"},{"@type":"ListItem","position":2,"name":"C\u00e4sar 7"}]},{"@type":"WebSite","@id":"https:\/\/fwallschwil.ch\/WPNew\/#website","url":"https:\/\/fwallschwil.ch\/WPNew\/","name":"Feuerwehr Allschwil-Sch\u00f6nenbuch","description":"Die Webseite der Feuerwehr Allschwil-Sch\u00f6nenbuch","publisher":{"@id":"https:\/\/fwallschwil.ch\/WPNew\/#organization"},"potentialAction":[{"@type":"SearchAction","target":{"@type":"EntryPoint","urlTemplate":"https:\/\/fwallschwil.ch\/WPNew\/?s={search_term_string}"},"query-input":{"@type":"PropertyValueSpecification","valueRequired":true,"valueName":"search_term_string"}}],"inLanguage":"de"},{"@type":"Organization","@id":"https:\/\/fwallschwil.ch\/WPNew\/#organization","name":"Feuerwehr Allschwil-Sch\u00f6nenbuch","url":"https:\/\/fwallschwil.ch\/WPNew\/","logo":{"@type":"ImageObject","inLanguage":"de","@id":"https:\/\/fwallschwil.ch\/WPNew\/#\/schema\/logo\/image\/","url":"https:\/\/fwallschwil.ch\/WPNew\/wp-content\/uploads\/2022\/04\/850_0019-copy.jpg","contentUrl":"https:\/\/fwallschwil.ch\/WPNew\/wp-content\/uploads\/2022\/04\/850_0019-copy.jpg","width":120,"height":90,"caption":"Feuerwehr Allschwil-Sch\u00f6nenbuch"},"image":{"@id":"https:\/\/fwallschwil.ch\/WPNew\/#\/schema\/logo\/image\/"}}]}},"_links":{"self":[{"href":"https:\/\/fwallschwil.ch\/WPNew\/wp-json\/wp\/v2\/pages\/1123","targetHints":{"allow":["GET"]}}],"collection":[{"href":"https:\/\/fwallschwil.ch\/WPNew\/wp-json\/wp\/v2\/pages"}],"about":[{"href":"https:\/\/fwallschwil.ch\/WPNew\/wp-json\/wp\/v2\/types\/page"}],"author":[{"embeddable":true,"href":"https:\/\/fwallschwil.ch\/WPNew\/wp-json\/wp\/v2\/users\/3"}],"replies":[{"embeddable":true,"href":"https:\/\/fwallschwil.ch\/WPNew\/wp-json\/wp\/v2\/comments?post=1123"}],"version-history":[{"count":22,"href":"https:\/\/fwallschwil.ch\/WPNew\/wp-json\/wp\/v2\/pages\/1123\/revisions"}],"predecessor-version":[{"id":2261,"href":"https:\/\/fwallschwil.ch\/WPNew\/wp-json\/wp\/v2\/pages\/1123\/revisions\/2261"}],"wp:attachment":[{"href":"https:\/\/fwallschwil.ch\/WPNew\/wp-json\/wp\/v2\/media?parent=1123"}],"curies":[{"name":"wp","href":"https:\/\/api.w.org\/{rel}","templated":true}]}}